{"id":29169,"date":"2026-04-29T09:30:49","date_gmt":"2026-04-29T09:30:49","guid":{"rendered":"https:\/\/tztz.ba\/ba\/?post_type=dogadaji&#038;p=29169"},"modified":"2026-04-29T09:30:54","modified_gmt":"2026-04-29T09:30:54","slug":"premijera-predstave-za-djecu-drugacije-pace","status":"publish","type":"dogadaji","link":"https:\/\/tztz.ba\/ba\/dogadaji\/premijera-predstave-za-djecu-drugacije-pace\/","title":{"rendered":"Premijera predstave za djecu &#8216;Druga\u010dije pa\u010de&#8217;"},"content":{"rendered":"\n<p>Za \u010detvrtak, 30.4.2026. godine s po\u010detkom u 17.00 i 19.00 sati na sceni Bosanskog kulturnog centra TK, Pozori\u0161te mladih Tuzle najavljuje svoju 128 premijeru pozori\u0161ne predstave. Ovaj put je rije\u010d o predstavi za djecu nastale kao rezultat rada grupe mla\u0111eg uzrasta napredne faza \u201eDramskog studija za djecu, mlade i odrasle\u201c&nbsp;<\/p>\n\n\n\n<p>Ovo je \u010darobno putovanje u svijet u kojem jedno malo pa\u010de otkriva da je razli\u010ditost zapravo najve\u0107a snaga. Inspirisana bezvremenskom bajkom \u201eRu\u017eno pa\u010de\u201c autora Hansa Christiana Andersena, predstava donosi veselu, pou\u010dnu i dirljivu pri\u010du o hrabrosti, prijateljstvu, porodici i pronala\u017eenju svog mjesta pod suncem. Kroz dje\u010diju igru, pjesmu i ples, pratimo neobi\u010dno pa\u010de koje se suo\u010dava s podsmijehom i osudom, ali ne gubi nadu. Na svom putu upoznaje nove prijatelje, prolazi kroz duhovite i uzbudljive &nbsp;zgode i u\u010di da je najva\u017enije \u2013 vjerovati u sebe.<\/p>\n\n\n\n<p>Predstava je namijenjena djeci svih uzrasta, ali i odraslima koji \u017eele da se podsjete koliko je va\u017eno \u010duvati dobrotu i vjerovati da ljepota dolazi iznutra.<\/p>\n\n\n\n<p>U predstavi igra 20 polaznika uzrasta od 8 do 14 godina i to: Matinatsa Dalia Top\u010dagi\u0107, Emina Halilovi\u0107, Rusmir Bundavica, Benjamin Sejrani\u0107, Una Leli\u0107, Zerina Katani\u0107, Emir Sadikovi\u0107, Emir Gale\u0161i\u0107, Klara Babi\u0107, Edin Ferhatbegovi\u0107, Ali Tomi\u0107, Selma Imamovi\u0107, Edina Ibri\u0161imovi\u0107, Adi Muminovi\u0107, Danis Malki\u0107, Sami Mehi\u0107, Adian Imamovi\u0107, Zoja Alji\u0107, Emil \u0110ulbi\u0107 i Nora Hamovi\u0107. Pedago\u0161ki rad i re\u017eiju predstave potpisuju Tarik Dedaji\u0107, Edina Top\u010dagi\u0107 i Elma Smajilbegovi\u0107.<\/p>\n","protected":false},"featured_media":29170,"template":"","categories":[9,31],"tags":[],"class_list":["post-29169","dogadaji","type-dogadaji","status-publish","has-post-thumbnail","hentry","category-kultura","category-pozoriste"],"_links":{"self":[{"href":"https:\/\/tztz.ba\/ba\/wp-json\/wp\/v2\/dogadaji\/29169","targetHints":{"allow":["GET"]}}],"collection":[{"href":"https:\/\/tztz.ba\/ba\/wp-json\/wp\/v2\/dogadaji"}],"about":[{"href":"https:\/\/tztz.ba\/ba\/wp-json\/wp\/v2\/types\/dogadaji"}],"wp:featuredmedia":[{"embeddable":true,"href":"https:\/\/tztz.ba\/ba\/wp-json\/wp\/v2\/media\/29170"}],"wp:attachment":[{"href":"https:\/\/tztz.ba\/ba\/wp-json\/wp\/v2\/media?parent=29169"}],"wp:term":[{"taxonomy":"category","embeddable":true,"href":"https:\/\/tztz.ba\/ba\/wp-json\/wp\/v2\/categories?post=29169"},{"taxonomy":"post_tag","embeddable":true,"href":"https:\/\/tztz.ba\/ba\/wp-json\/wp\/v2\/tags?post=29169"}],"curies":[{"name":"wp","href":"https:\/\/api.w.org\/{rel}","templated":true}]}}